{"id":3893,"date":"2024-01-08T12:22:08","date_gmt":"2024-01-08T11:22:08","guid":{"rendered":"https:\/\/musiqueancienne.be\/events\/les-20-ans-grand-concert-sainte-gudule\/"},"modified":"2024-01-14T18:51:31","modified_gmt":"2024-01-14T17:51:31","slug":"les-20-ans-grand-concert-sainte-gudule","status":"publish","type":"mec-events","link":"https:\/\/musiqueancienne.be\/en\/events\/les-20-ans-grand-concert-sainte-gudule\/","title":{"rendered":"Les 20 ans ! Grand Concert Sainte Gudule"},"content":{"rendered":"<p>Concert-\u00e9v\u00e8nement dans la cath\u00e9drale Ste Gudule le samedi 10 f\u00e9vrier autour du r\u00e9pertoire du fonds Ste Gudule, et avec la participation, entre autres, de Bernard Foccroulle et de Guy Van Waas. Cet \u00e9v\u00e8nement r\u00e9unira les \u00e9tudiants et les enseignants de notre d\u00e9partement, mais aussi des alumni et les coll\u00e8gues-sympathisants. Ce grand concert anniversaire servira de concert d\u2019ouverture du festival de musique ancienne de Bruxelles, Festivita.<\/p>","protected":false},"excerpt":{"rendered":"<p>Concert-\u00e9v\u00e8nement dans la cath\u00e9drale Ste Gudule le samedi 10 f\u00e9vrier autour du r\u00e9pertoire du fonds Ste Gudule, et avec la participation, entre autres, de Bernard Foccroulle et de Guy Van Waas. Cet \u00e9v\u00e8nement r\u00e9unira les \u00e9tudiants et les enseignants de notre d\u00e9partement, mais aussi des alumni et les coll\u00e8gues-sympathisants. Ce grand concert anniversaire servira de&#8230;<\/p>","protected":false},"author":1,"featured_media":3907,"comment_status":"closed","ping_status":"closed","template":"","meta":{"_kad_blocks_custom_css":"","_kad_blocks_head_custom_js":"","_kad_blocks_body_custom_js":"","_kad_blocks_footer_custom_js":"","_kad_post_transparent":"default","_kad_post_title":"default","_kad_post_layout":"default","_kad_post_sidebar_id":"","_kad_post_content_style":"default","_kad_post_vertical_padding":"default","_kad_post_feature":"","_kad_post_feature_position":"","_kad_post_header":false,"_kad_post_footer":false,"_kad_post_classname":""},"tags":[],"mec_category":[],"class_list":["post-3893","mec-events","type-mec-events","status-publish","has-post-thumbnail","hentry"],"taxonomy_info":[],"featured_image_src_large":["https:\/\/musiqueancienne.be\/wp-content\/uploads\/2024\/01\/DSC6703-scaled-e1704720203868-1024x466.jpg",1024,466,true],"author_info":{"display_name":"musiqueancienne","author_link":"https:\/\/musiqueancienne.be\/en\/author\/musiqueancienne\/"},"comment_info":0,"_links":{"self":[{"href":"https:\/\/musiqueancienne.be\/en\/wp-json\/wp\/v2\/mec-events\/3893","targetHints":{"allow":["GET"]}}],"collection":[{"href":"https:\/\/musiqueancienne.be\/en\/wp-json\/wp\/v2\/mec-events"}],"about":[{"href":"https:\/\/musiqueancienne.be\/en\/wp-json\/wp\/v2\/types\/mec-events"}],"author":[{"embeddable":true,"href":"https:\/\/musiqueancienne.be\/en\/wp-json\/wp\/v2\/users\/1"}],"replies":[{"embeddable":true,"href":"https:\/\/musiqueancienne.be\/en\/wp-json\/wp\/v2\/comments?post=3893"}],"wp:featuredmedia":[{"embeddable":true,"href":"https:\/\/musiqueancienne.be\/en\/wp-json\/wp\/v2\/media\/3907"}],"wp:attachment":[{"href":"https:\/\/musiqueancienne.be\/en\/wp-json\/wp\/v2\/media?parent=3893"}],"wp:term":[{"taxonomy":"post_tag","embeddable":true,"href":"https:\/\/musiqueancienne.be\/en\/wp-json\/wp\/v2\/tags?post=3893"},{"taxonomy":"mec_category","embeddable":true,"href":"https:\/\/musiqueancienne.be\/en\/wp-json\/wp\/v2\/mec_category?post=3893"}],"curies":[{"name":"wp","href":"https:\/\/api.w.org\/{rel}","templated":true}]}}